{"id":18,"date":"2010-05-13T15:06:51","date_gmt":"2010-05-13T15:06:51","guid":{"rendered":"https:\/\/mediumpurple-heron-149339.hostingersite.com\/historia3\/"},"modified":"2024-03-07T10:32:10","modified_gmt":"2024-03-07T10:32:10","slug":"la-vela-llatina","status":"publish","type":"page","link":"https:\/\/paticatalacalafell.cat\/es\/la-vela-llatina\/","title":{"rendered":"La Vela Latina"},"content":{"rendered":"\t\t<div data-elementor-type=\"wp-page\" data-elementor-id=\"18\" class=\"elementor elementor-18\" data-elementor-post-type=\"page\">\n\t\t\t\t<div class=\"elementor-element elementor-element-3531143 e-flex e-con-boxed e-con e-parent\" data-id=\"3531143\" data-element_type=\"container\" data-e-type=\"container\" data-settings=\"{&quot;background_background&quot;:&quot;classic&quot;,&quot;background_motion_fx_motion_fx_scrolling&quot;:&quot;yes&quot;,&quot;background_motion_fx_translateY_effect&quot;:&quot;yes&quot;,&quot;background_motion_fx_translateY_speed&quot;:{&quot;unit&quot;:&quot;px&quot;,&quot;size&quot;:1,&quot;sizes&quot;:[]},&quot;background_motion_fx_translateY_affectedRange&quot;:{&quot;unit&quot;:&quot;%&quot;,&quot;size&quot;:&quot;&quot;,&quot;sizes&quot;:{&quot;start&quot;:0,&quot;end&quot;:100}},&quot;background_motion_fx_devices&quot;:[&quot;desktop&quot;,&quot;tablet&quot;,&quot;mobile&quot;]}\">\n\t\t\t\t\t<div class=\"e-con-inner\">\n\t\t\t\t<div class=\"elementor-element elementor-element-c3c9fc1 elementor-invisible elementor-widget elementor-widget-heading\" data-id=\"c3c9fc1\" data-element_type=\"widget\" data-e-type=\"widget\" data-settings=\"{&quot;_animation&quot;:&quot;fadeInUp&quot;}\" data-widget_type=\"heading.default\">\n\t\t\t\t<div class=\"elementor-widget-container\">\n\t\t\t\t\t<h1 class=\"elementor-heading-title elementor-size-default\">La Vela Llatina<\/h1>\t\t\t\t<\/div>\n\t\t\t\t<\/div>\n\t\t\t\t\t<\/div>\n\t\t\t\t<\/div>\n\t\t<div class=\"elementor-element elementor-element-e23c4b4 e-con-full e-flex e-con e-parent\" data-id=\"e23c4b4\" data-element_type=\"container\" data-e-type=\"container\" data-settings=\"{&quot;background_background&quot;:&quot;classic&quot;,&quot;background_motion_fx_motion_fx_scrolling&quot;:&quot;yes&quot;,&quot;background_motion_fx_translateY_effect&quot;:&quot;yes&quot;,&quot;background_motion_fx_translateY_speed&quot;:{&quot;unit&quot;:&quot;px&quot;,&quot;size&quot;:5,&quot;sizes&quot;:[]},&quot;background_motion_fx_translateY_affectedRange&quot;:{&quot;unit&quot;:&quot;%&quot;,&quot;size&quot;:&quot;&quot;,&quot;sizes&quot;:{&quot;start&quot;:0,&quot;end&quot;:100}},&quot;background_motion_fx_devices&quot;:[&quot;desktop&quot;,&quot;tablet&quot;,&quot;mobile&quot;]}\">\n\t\t\t\t<\/div>\n\t\t<div class=\"elementor-element elementor-element-c236fc5 e-con-full e-flex e-con e-parent\" data-id=\"c236fc5\" data-element_type=\"container\" data-e-type=\"container\">\n\t\t<div class=\"elementor-element elementor-element-288691c e-con-full e-flex e-con e-child\" data-id=\"288691c\" data-element_type=\"container\" data-e-type=\"container\">\n\t\t\t\t<div class=\"elementor-element elementor-element-2269f19 elementor-widget elementor-widget-heading\" data-id=\"2269f19\" data-element_type=\"widget\" data-e-type=\"widget\" data-widget_type=\"heading.default\">\n\t\t\t\t<div class=\"elementor-widget-container\">\n\t\t\t\t\t<h2 class=\"elementor-heading-title elementor-size-default\">Historia<\/h2>\t\t\t\t<\/div>\n\t\t\t\t<\/div>\n\t\t\t\t<div class=\"elementor-element elementor-element-67f896d elementor-invisible elementor-widget elementor-widget-text-editor\" data-id=\"67f896d\" data-element_type=\"widget\" data-e-type=\"widget\" data-settings=\"{&quot;_animation&quot;:&quot;fadeIn&quot;,&quot;_animation_delay&quot;:650}\" data-widget_type=\"text-editor.default\">\n\t\t\t\t<div class=\"elementor-widget-container\">\n\t\t\t\t\t\t\t\t\t<p><span id=\"result_box\" class=\"long_text\"><span title=\"En el af\u00e0n de poder navegar en contra del viento y como un evoluci\u00f2n de la vela, aparecen las velas triangulares tambi\u00e8n llamadas latinas, de cuchillo o \u00e0uricas, estas permit\u00ecan entonces ce\u00f1ir el viento, lo cual permite navegar en contra de la direcci\u00f2n de este,\">En l&#8217;afany de poder navegar en contra del vent i com un evoluci\u00f3 de la vela, apareixen les veles triangulars tamb\u00e9 anomenades llatines, de ganivet o Aurica, aquestes permetien llavors cenyir el vent, la qual cosa permet navegar en contra de la direcci\u00f3 d&#8217;aquest,\u00a0<span title=\"en \u00e1ngulos menores a los 90 grados, inclusive llegando hasta los 45 grados.\">en angle menor als 90 graus, fins i tot arribant fins als 45 graus.<br \/><br \/><\/span><span title=\"Se cree que el origen de la vela triangular data del siglo III, en el oc\u00e9ano Indico, aunque no es del todo conocido.\">Es creu que l&#8217;origen de la vela triangular data del segle III, a l&#8217;oce\u00e0 \u00cdndic, encara que no \u00e9s del tot conegut.\u00a0<\/span><span title=\"La vela latina posiblemente fu\u00e8 de origen \u00e0rabe o polinesio, de ah\u00ec se deriva la llamada vela latina mediterr\u00e0nea y vela latina de las Bermudas o bermudina.\">La vela llatina possiblement va ser d&#8217;origen \u00e0rab o polinesi, d&#8217;aqu\u00ed es deriva la trucada vela llatina mediterr\u00e0nia i vela llatina de les Bermudes<\/span><\/span><\/span><\/p><p><span class=\"long_text\"><span title=\"En el af\u00e0n de poder navegar en contra del viento y como un evoluci\u00f2n de la vela, aparecen las velas triangulares tambi\u00e8n llamadas latinas, de cuchillo o \u00e0uricas, estas permit\u00ecan entonces ce\u00f1ir el viento, lo cual permite navegar en contra de la direcci\u00f2n de este,\">En l&#8217;afany de poder navegar en contra del vent i com un evoluci\u00f3 de la vela, apareixen les veles triangulars tamb\u00e9 anomenades llatines, de ganivet o Aurica, aquestes permetien llavors cenyir el vent, la qual cosa permet navegar en contra de la direcci\u00f3 d&#8217;aquest,\u00a0<\/span><span title=\"en \u00e1ngulos menores a los 90 grados, inclusive llegando hasta los 45 grados.\">en angle menor als 90 graus, fins i tot arribant fins als 45 graus.<br \/><br \/><\/span><span title=\"Se cree que el origen de la vela triangular data del siglo III, en el oc\u00e9ano Indico, aunque no es del todo conocido.\">Es creu que l&#8217;origen de la vela triangular data del segle III, a l&#8217;oce\u00e0 \u00cdndic, encara que no \u00e9s del tot conegut.\u00a0<\/span><span title=\"La vela latina posiblemente fu\u00e8 de origen \u00e0rabe o polinesio, de ah\u00ec se deriva la llamada vela latina mediterr\u00e0nea y vela latina de las Bermudas o bermudina.\">La vela llatina possiblement va ser d&#8217;origen \u00e0rab o polinesi, d&#8217;aqu\u00ed es deriva la trucada vela llatina mediterr\u00e0nia i vela llatina de les Bermudes o bermudina.<br \/><br \/><\/span><span title=\"En el siglo XIII la vela latina es de uso com\u00f9n en el Mediterr\u00e0neo y debido a la influencia n\u00f2rdica se presenta una corriente del uso de la vela cuadra nuevamente.\">Al segle XIII la vela llatina \u00e9s d&#8217;\u00fas com\u00fa a la Mediterr\u00e0nia ia causa de la influ\u00e8ncia n\u00f2rdica es presenta un corrent de l&#8217;\u00fas de la vela quadra novament.<\/span><\/span><\/p>\t\t\t\t\t\t\t\t<\/div>\n\t\t\t\t<\/div>\n\t\t\t\t<\/div>\n\t\t<div class=\"elementor-element elementor-element-ead3ab5 e-con-full e-flex e-con e-child\" data-id=\"ead3ab5\" data-element_type=\"container\" data-e-type=\"container\">\n\t\t\t\t<div class=\"elementor-element elementor-element-47b6999 elementor-widget__width-initial elementor-widget-mobile__width-initial animated-slow elementor-invisible elementor-widget elementor-widget-image\" data-id=\"47b6999\" data-element_type=\"widget\" data-e-type=\"widget\" data-settings=\"{&quot;_animation&quot;:&quot;fadeInRight&quot;}\" data-widget_type=\"image.default\">\n\t\t\t\t<div class=\"elementor-widget-container\">\n\t\t\t\t\t\t\t\t\t\t\t\t\t\t\t<img fetchpriority=\"high\" decoding=\"async\" width=\"1811\" height=\"2560\" src=\"https:\/\/paticatalacalafell.cat\/wp-content\/uploads\/2024\/03\/TrobadaVelaLlatinaCalafell1994-scaled.jpg\" class=\"attachment-full size-full wp-image-1193\" alt=\"\" srcset=\"https:\/\/paticatalacalafell.cat\/wp-content\/uploads\/2024\/03\/TrobadaVelaLlatinaCalafell1994-scaled.jpg 1811w, https:\/\/paticatalacalafell.cat\/wp-content\/uploads\/2024\/03\/TrobadaVelaLlatinaCalafell1994-212x300.jpg 212w, https:\/\/paticatalacalafell.cat\/wp-content\/uploads\/2024\/03\/TrobadaVelaLlatinaCalafell1994-725x1024.jpg 725w, https:\/\/paticatalacalafell.cat\/wp-content\/uploads\/2024\/03\/TrobadaVelaLlatinaCalafell1994-768x1085.jpg 768w, https:\/\/paticatalacalafell.cat\/wp-content\/uploads\/2024\/03\/TrobadaVelaLlatinaCalafell1994-1087x1536.jpg 1087w, https:\/\/paticatalacalafell.cat\/wp-content\/uploads\/2024\/03\/TrobadaVelaLlatinaCalafell1994-1449x2048.jpg 1449w\" sizes=\"(max-width: 1811px) 100vw, 1811px\" title=\"\">\t\t\t\t\t\t\t\t\t\t\t\t\t\t\t<\/div>\n\t\t\t\t<\/div>\n\t\t\t\t<div class=\"elementor-element elementor-element-2119a11 animated-slow elementor-invisible elementor-widget elementor-widget-text-editor\" data-id=\"2119a11\" data-element_type=\"widget\" data-e-type=\"widget\" data-settings=\"{&quot;_animation&quot;:&quot;fadeInRight&quot;}\" data-widget_type=\"text-editor.default\">\n\t\t\t\t<div class=\"elementor-widget-container\">\n\t\t\t\t\t\t\t\t\t<address>Trobada Vela Llatina Calafell 1994<\/address>\t\t\t\t\t\t\t\t<\/div>\n\t\t\t\t<\/div>\n\t\t\t\t<\/div>\n\t\t\t\t<\/div>\n\t\t<div class=\"elementor-element elementor-element-5aa2a83 e-con-full e-flex e-con e-parent\" data-id=\"5aa2a83\" data-element_type=\"container\" data-e-type=\"container\">\n\t\t<div class=\"elementor-element elementor-element-7fb1624 e-con-full e-flex e-con e-child\" data-id=\"7fb1624\" data-element_type=\"container\" data-e-type=\"container\">\n\t\t\t\t<div class=\"elementor-element elementor-element-6eae569 elementor-widget__width-initial elementor-widget-mobile__width-initial animated-slow elementor-invisible elementor-widget elementor-widget-image\" data-id=\"6eae569\" data-element_type=\"widget\" data-e-type=\"widget\" data-settings=\"{&quot;_animation&quot;:&quot;fadeInLeft&quot;}\" data-widget_type=\"image.default\">\n\t\t\t\t<div class=\"elementor-widget-container\">\n\t\t\t\t\t\t\t\t\t\t\t\t\t\t\t<img decoding=\"async\" width=\"2560\" height=\"1811\" src=\"https:\/\/paticatalacalafell.cat\/wp-content\/uploads\/2024\/03\/TrobadaVelaLlatinaSitges1995-scaled.jpg\" class=\"attachment-full size-full wp-image-1197\" alt=\"\" srcset=\"https:\/\/paticatalacalafell.cat\/wp-content\/uploads\/2024\/03\/TrobadaVelaLlatinaSitges1995-scaled.jpg 2560w, https:\/\/paticatalacalafell.cat\/wp-content\/uploads\/2024\/03\/TrobadaVelaLlatinaSitges1995-300x212.jpg 300w, https:\/\/paticatalacalafell.cat\/wp-content\/uploads\/2024\/03\/TrobadaVelaLlatinaSitges1995-1024x725.jpg 1024w, https:\/\/paticatalacalafell.cat\/wp-content\/uploads\/2024\/03\/TrobadaVelaLlatinaSitges1995-768x543.jpg 768w, https:\/\/paticatalacalafell.cat\/wp-content\/uploads\/2024\/03\/TrobadaVelaLlatinaSitges1995-1536x1087.jpg 1536w, https:\/\/paticatalacalafell.cat\/wp-content\/uploads\/2024\/03\/TrobadaVelaLlatinaSitges1995-2048x1449.jpg 2048w\" sizes=\"(max-width: 2560px) 100vw, 2560px\" title=\"\">\t\t\t\t\t\t\t\t\t\t\t\t\t\t\t<\/div>\n\t\t\t\t<\/div>\n\t\t\t\t<div class=\"elementor-element elementor-element-542cf68 animated-slow elementor-invisible elementor-widget elementor-widget-text-editor\" data-id=\"542cf68\" data-element_type=\"widget\" data-e-type=\"widget\" data-settings=\"{&quot;_animation&quot;:&quot;fadeInLeft&quot;}\" data-widget_type=\"text-editor.default\">\n\t\t\t\t<div class=\"elementor-widget-container\">\n\t\t\t\t\t\t\t\t\t<address>Trobada Vela Llatina Sitges 1995<\/address>\t\t\t\t\t\t\t\t<\/div>\n\t\t\t\t<\/div>\n\t\t\t\t<\/div>\n\t\t<div class=\"elementor-element elementor-element-8309357 e-con-full e-flex e-con e-child\" data-id=\"8309357\" data-element_type=\"container\" data-e-type=\"container\">\n\t\t\t\t<div class=\"elementor-element elementor-element-b0c35ec elementor-widget elementor-widget-heading\" data-id=\"b0c35ec\" data-element_type=\"widget\" data-e-type=\"widget\" data-widget_type=\"heading.default\">\n\t\t\t\t<div class=\"elementor-widget-container\">\n\t\t\t\t\t<h2 class=\"elementor-heading-title elementor-size-default\">A Calafell<\/h2>\t\t\t\t<\/div>\n\t\t\t\t<\/div>\n\t\t\t\t<div class=\"elementor-element elementor-element-00c7ba6 elementor-invisible elementor-widget elementor-widget-text-editor\" data-id=\"00c7ba6\" data-element_type=\"widget\" data-e-type=\"widget\" data-settings=\"{&quot;_animation&quot;:&quot;fadeIn&quot;,&quot;_animation_delay&quot;:650}\" data-widget_type=\"text-editor.default\">\n\t\t\t\t<div class=\"elementor-widget-container\">\n\t\t\t\t\t\t\t\t\t<p>La Platja de Calafell va tenir la flota pesquera a vela m\u00e9s important de tot el litoral catal\u00e0, motivat sobretot per les seves platges i els vents favorables. La\u00a0manca d&#8217;un port pesquer i la presi\u00f3 tur\u00edstica han provocat que l&#8217;activitat pesquera desaparegu\u00e9s de les nostres platges.<\/p><p>Els dies\u00a02 i 3 de juliol del 1994, coincidint amb el V\u00e8 aniversari del retorn del Bot Salvavides, es va celebrar la I Trobada a Calafell de Vela Llatina. Van assistir-hi les embarcacions Nat\u00e0lia, Salvador, Josep, Pavot, Grumet, Mare Nostrum, Far de Formentor, Capit\u00e1n Arg\u00fcello, Delf\u00edn, Yuca i Torredembarra II.<\/p><p>L&#8217;any segu\u00ebnt es va celebrar la II Trobada, aquest cop a Sitges. I ja no es va continuar.<\/p><p>Posteriorment, l&#8217;any 2012, v\u00e0rem celebrar la II Trobada de Vela Llatina a Calafell.\u00a0<\/p>\t\t\t\t\t\t\t\t<\/div>\n\t\t\t\t<\/div>\n\t\t\t\t<\/div>\n\t\t\t\t<\/div>\n\t\t<div class=\"elementor-element elementor-element-fd7cc54 e-flex e-con-boxed e-con e-parent\" data-id=\"fd7cc54\" data-element_type=\"container\" data-e-type=\"container\">\n\t\t\t\t\t<div class=\"e-con-inner\">\n\t\t\t\t<div class=\"elementor-element elementor-element-d3de00e elementor-widget elementor-widget-heading\" data-id=\"d3de00e\" data-element_type=\"widget\" data-e-type=\"widget\" data-widget_type=\"heading.default\">\n\t\t\t\t<div class=\"elementor-widget-container\">\n\t\t\t\t\t<h2 class=\"elementor-heading-title elementor-size-default\">Not\u00edcies<\/h2>\t\t\t\t<\/div>\n\t\t\t\t<\/div>\n\t\t\t\t<div class=\"elementor-element elementor-element-e35ce99 elementor-grid-4 elementor-grid-tablet-2 elementor-grid-mobile-1 elementor-posts--thumbnail-top elementor-card-shadow-yes elementor-posts__hover-gradient elementor-widget elementor-widget-posts\" data-id=\"e35ce99\" data-element_type=\"widget\" data-e-type=\"widget\" data-settings=\"{&quot;pagination_type&quot;:&quot;load_more_infinite_scroll&quot;,&quot;cards_columns&quot;:&quot;4&quot;,&quot;cards_columns_tablet&quot;:&quot;2&quot;,&quot;cards_columns_mobile&quot;:&quot;1&quot;,&quot;cards_row_gap&quot;:{&quot;unit&quot;:&quot;px&quot;,&quot;size&quot;:35,&quot;sizes&quot;:[]},&quot;cards_row_gap_tablet&quot;:{&quot;unit&quot;:&quot;px&quot;,&quot;size&quot;:&quot;&quot;,&quot;sizes&quot;:[]},&quot;cards_row_gap_mobile&quot;:{&quot;unit&quot;:&quot;px&quot;,&quot;size&quot;:&quot;&quot;,&quot;sizes&quot;:[]},&quot;load_more_spinner&quot;:{&quot;value&quot;:&quot;fas fa-spinner&quot;,&quot;library&quot;:&quot;fa-solid&quot;}}\" data-widget_type=\"posts.cards\">\n\t\t\t\t<div class=\"elementor-widget-container\">\n\t\t\t\t\t\t\t<div class=\"elementor-posts-container elementor-posts elementor-posts--skin-cards elementor-grid\" role=\"list\">\n\t\t\t\t<article class=\"elementor-post elementor-grid-item post-5422 post type-post status-publish format-standard has-post-thumbnail hentry category-activitats-la-vela-llatina category-noticies-vela-llatina category-informacio3\" role=\"listitem\">\n\t\t\t<div class=\"elementor-post__card\">\n\t\t\t\t<a class=\"elementor-post__thumbnail__link\" href=\"https:\/\/paticatalacalafell.cat\/es\/concurs-literari-helena-rotes\/\" tabindex=\"-1\" ><div class=\"elementor-post__thumbnail\"><img decoding=\"async\" width=\"1200\" height=\"831\" src=\"https:\/\/paticatalacalafell.cat\/wp-content\/uploads\/2026\/02\/Cartellconcursliterari26-e1772548265413.jpg\" class=\"attachment-full size-full wp-image-5467\" alt=\"\" title=\"\"><\/div><\/a>\n\t\t\t\t<div class=\"elementor-post__text\">\n\t\t\t\t<h3 class=\"elementor-post__title\">\n\t\t\t<a href=\"https:\/\/paticatalacalafell.cat\/es\/concurs-literari-helena-rotes\/\" >\n\t\t\t\tConcurs literari Helena Rot\u00e9s\t\t\t<\/a>\n\t\t<\/h3>\n\t\t\t\t<div class=\"elementor-post__excerpt\">\n\t\t\t<p>Concurs literari Helena Rot\u00e9s<br \/>\nEntrega de premis, dia 24 d'abril a les 19h. Us esperem a tots i totes.<br \/>\nConvocat\u00f2ria<br \/>\nSant Jordi 2026<\/p>\n\t\t<\/div>\n\t\t\n\t\t<a class=\"elementor-post__read-more\" href=\"https:\/\/paticatalacalafell.cat\/es\/concurs-literari-helena-rotes\/\" aria-label=\"M\u00e1s informaci\u00f3n sobre Concurs literari Helena Rot\u00e9s\" tabindex=\"-1\" >\n\t\t\tLlegir m\u00e9s \u00bb\t\t<\/a>\n\n\t\t\t\t<\/div>\n\t\t\t\t<div class=\"elementor-post__meta-data\">\n\t\t\t\t\t<span class=\"elementor-post-date\">\n\t\t\t15\/03\/2026\t\t<\/span>\n\t\t\t\t<\/div>\n\t\t\t\t\t<\/div>\n\t\t<\/article>\n\t\t\t\t<article class=\"elementor-post elementor-grid-item post-5518 post type-post status-publish format-standard has-post-thumbnail hentry category-activitats-la-vela-llatina category-ecomuseu category-noticies-vela-llatina\" role=\"listitem\">\n\t\t\t<div class=\"elementor-post__card\">\n\t\t\t\t<a class=\"elementor-post__thumbnail__link\" href=\"https:\/\/paticatalacalafell.cat\/es\/el-biotop-de-torredembarra\/\" tabindex=\"-1\" ><div class=\"elementor-post__thumbnail\"><img loading=\"lazy\" decoding=\"async\" width=\"800\" height=\"450\" src=\"https:\/\/paticatalacalafell.cat\/wp-content\/uploads\/2026\/03\/55131142927_ac0997be64_c.jpg\" class=\"attachment-full size-full wp-image-5567\" alt=\"\" srcset=\"https:\/\/paticatalacalafell.cat\/wp-content\/uploads\/2026\/03\/55131142927_ac0997be64_c.jpg 800w, https:\/\/paticatalacalafell.cat\/wp-content\/uploads\/2026\/03\/55131142927_ac0997be64_c-300x169.jpg 300w, https:\/\/paticatalacalafell.cat\/wp-content\/uploads\/2026\/03\/55131142927_ac0997be64_c-768x432.jpg 768w, https:\/\/paticatalacalafell.cat\/wp-content\/uploads\/2026\/03\/55131142927_ac0997be64_c-18x10.jpg 18w\" sizes=\"(max-width: 800px) 100vw, 800px\" title=\"\"><\/div><\/a>\n\t\t\t\t<div class=\"elementor-post__text\">\n\t\t\t\t<h3 class=\"elementor-post__title\">\n\t\t\t<a href=\"https:\/\/paticatalacalafell.cat\/es\/el-biotop-de-torredembarra\/\" >\n\t\t\t\tEl Biotop de Torredembarra\t\t\t<\/a>\n\t\t<\/h3>\n\t\t\t\t<div class=\"elementor-post__excerpt\">\n\t\t\t<p>La Destil\u00b7leria de Calafell acull aquests dies i durant tot el mes d\u2019abril, una exposici\u00f3 \u00fanica, que val molt la pena visitar, i que els seus creadors han titulat Un<\/p>\n\t\t<\/div>\n\t\t\n\t\t<a class=\"elementor-post__read-more\" href=\"https:\/\/paticatalacalafell.cat\/es\/el-biotop-de-torredembarra\/\" aria-label=\"M\u00e1s informaci\u00f3n sobre El Biotop de Torredembarra\" tabindex=\"-1\" >\n\t\t\tLlegir m\u00e9s \u00bb\t\t<\/a>\n\n\t\t\t\t<\/div>\n\t\t\t\t<div class=\"elementor-post__meta-data\">\n\t\t\t\t\t<span class=\"elementor-post-date\">\n\t\t\t10\/03\/2026\t\t<\/span>\n\t\t\t\t<\/div>\n\t\t\t\t\t<\/div>\n\t\t<\/article>\n\t\t\t\t<article class=\"elementor-post elementor-grid-item post-5482 post type-post status-publish format-standard has-post-thumbnail hentry category-ecomuseu category-noticies-vela-llatina\" role=\"listitem\">\n\t\t\t<div class=\"elementor-post__card\">\n\t\t\t\t<a class=\"elementor-post__thumbnail__link\" href=\"https:\/\/paticatalacalafell.cat\/es\/un-apunt-dhistoria-de-calafell-amb-la-destilleria-com-a-protagonista\/\" tabindex=\"-1\" ><div class=\"elementor-post__thumbnail\"><img loading=\"lazy\" decoding=\"async\" width=\"1070\" height=\"736\" src=\"https:\/\/paticatalacalafell.cat\/wp-content\/uploads\/2026\/02\/Estacio-Ferrocarril-Calafell-segle-XIX.png\" class=\"attachment-full size-full wp-image-5488\" alt=\"\" srcset=\"https:\/\/paticatalacalafell.cat\/wp-content\/uploads\/2026\/02\/Estacio-Ferrocarril-Calafell-segle-XIX.png 1070w, https:\/\/paticatalacalafell.cat\/wp-content\/uploads\/2026\/02\/Estacio-Ferrocarril-Calafell-segle-XIX-300x206.png 300w, https:\/\/paticatalacalafell.cat\/wp-content\/uploads\/2026\/02\/Estacio-Ferrocarril-Calafell-segle-XIX-1024x704.png 1024w, https:\/\/paticatalacalafell.cat\/wp-content\/uploads\/2026\/02\/Estacio-Ferrocarril-Calafell-segle-XIX-768x528.png 768w, https:\/\/paticatalacalafell.cat\/wp-content\/uploads\/2026\/02\/Estacio-Ferrocarril-Calafell-segle-XIX-18x12.png 18w\" sizes=\"(max-width: 1070px) 100vw, 1070px\" title=\"\"><\/div><\/a>\n\t\t\t\t<div class=\"elementor-post__text\">\n\t\t\t\t<h3 class=\"elementor-post__title\">\n\t\t\t<a href=\"https:\/\/paticatalacalafell.cat\/es\/un-apunt-dhistoria-de-calafell-amb-la-destilleria-com-a-protagonista\/\" >\n\t\t\t\tUn apunt d'hist\u00f2ria de Calafell amb la Destil\u00b7leria com a protagonista\t\t\t<\/a>\n\t\t<\/h3>\n\t\t\t\t<div class=\"elementor-post__excerpt\">\n\t\t\t<p>Article al Diari de Tarragona sobre la Destil\u00b7leria de l'asociaci\u00f3 i la seva vinculaci\u00f3 amb el ferrocarril a Calafell<\/p>\n\t\t<\/div>\n\t\t\n\t\t<a class=\"elementor-post__read-more\" href=\"https:\/\/paticatalacalafell.cat\/es\/un-apunt-dhistoria-de-calafell-amb-la-destilleria-com-a-protagonista\/\" aria-label=\"M\u00e1s informaci\u00f3n sobre Un apunt d&#039;hist\u00f2ria de Calafell amb la Destil\u00b7leria com a protagonista\" tabindex=\"-1\" >\n\t\t\tLlegir m\u00e9s \u00bb\t\t<\/a>\n\n\t\t\t\t<\/div>\n\t\t\t\t<div class=\"elementor-post__meta-data\">\n\t\t\t\t\t<span class=\"elementor-post-date\">\n\t\t\t02\/03\/2026\t\t<\/span>\n\t\t\t\t<\/div>\n\t\t\t\t\t<\/div>\n\t\t<\/article>\n\t\t\t\t<article class=\"elementor-post elementor-grid-item post-5370 post type-post status-publish format-standard has-post-thumbnail hentry category-activitats-la-vela-llatina category-blog-navegar-amb-veles-antigues category-noticies-vela-llatina category-navegar-amb-la-nova-francisca-a-calafell\" role=\"listitem\">\n\t\t\t<div class=\"elementor-post__card\">\n\t\t\t\t<a class=\"elementor-post__thumbnail__link\" href=\"https:\/\/paticatalacalafell.cat\/es\/vols-ser-tripulant-de-la-francisca-o-la-santa-espina\/\" tabindex=\"-1\" ><div class=\"elementor-post__thumbnail\"><img loading=\"lazy\" decoding=\"async\" width=\"800\" height=\"1124\" src=\"https:\/\/paticatalacalafell.cat\/wp-content\/uploads\/2026\/01\/2026-Francisca-tripulants.jpeg\" class=\"attachment-full size-full wp-image-5372\" alt=\"\" srcset=\"https:\/\/paticatalacalafell.cat\/wp-content\/uploads\/2026\/01\/2026-Francisca-tripulants.jpeg 800w, https:\/\/paticatalacalafell.cat\/wp-content\/uploads\/2026\/01\/2026-Francisca-tripulants-214x300.jpeg 214w, https:\/\/paticatalacalafell.cat\/wp-content\/uploads\/2026\/01\/2026-Francisca-tripulants-729x1024.jpeg 729w, https:\/\/paticatalacalafell.cat\/wp-content\/uploads\/2026\/01\/2026-Francisca-tripulants-768x1079.jpeg 768w, https:\/\/paticatalacalafell.cat\/wp-content\/uploads\/2026\/01\/2026-Francisca-tripulants-9x12.jpeg 9w\" sizes=\"(max-width: 800px) 100vw, 800px\" title=\"\"><\/div><\/a>\n\t\t\t\t<div class=\"elementor-post__text\">\n\t\t\t\t<h3 class=\"elementor-post__title\">\n\t\t\t<a href=\"https:\/\/paticatalacalafell.cat\/es\/vols-ser-tripulant-de-la-francisca-o-la-santa-espina\/\" >\n\t\t\t\tVols ser tripulant de la Francisca o la Santa Espina?\t\t\t<\/a>\n\t\t<\/h3>\n\t\t\t\t<div class=\"elementor-post__excerpt\">\n\t\t\t<p>Vols navegar amb barques hist\u00f2riques de la manera tradicional? Estem buscant tripulants per aquestes dues embarcacions!<\/p>\n\t\t<\/div>\n\t\t\n\t\t<a class=\"elementor-post__read-more\" href=\"https:\/\/paticatalacalafell.cat\/es\/vols-ser-tripulant-de-la-francisca-o-la-santa-espina\/\" aria-label=\"M\u00e1s informaci\u00f3n sobre Vols ser tripulant de la Francisca o la Santa Espina?\" tabindex=\"-1\" >\n\t\t\tLlegir m\u00e9s \u00bb\t\t<\/a>\n\n\t\t\t\t<\/div>\n\t\t\t\t<div class=\"elementor-post__meta-data\">\n\t\t\t\t\t<span class=\"elementor-post-date\">\n\t\t\t31\/01\/2026\t\t<\/span>\n\t\t\t\t<\/div>\n\t\t\t\t\t<\/div>\n\t\t<\/article>\n\t\t\t\t<article class=\"elementor-post elementor-grid-item post-5242 post type-post status-publish format-standard has-post-thumbnail hentry category-activitats-la-vela-llatina category-noticies-vela-llatina\" role=\"listitem\">\n\t\t\t<div class=\"elementor-post__card\">\n\t\t\t\t<a class=\"elementor-post__thumbnail__link\" href=\"https:\/\/paticatalacalafell.cat\/es\/ii-curs-diniciacio-per-la-reparacio-de-barques-de-fusta\/\" tabindex=\"-1\" ><div class=\"elementor-post__thumbnail\"><img loading=\"lazy\" decoding=\"async\" width=\"1129\" height=\"1600\" src=\"https:\/\/paticatalacalafell.cat\/wp-content\/uploads\/2026\/01\/II-Curs.jpg\" class=\"attachment-full size-full wp-image-5245\" alt=\"\" srcset=\"https:\/\/paticatalacalafell.cat\/wp-content\/uploads\/2026\/01\/II-Curs.jpg 1129w, https:\/\/paticatalacalafell.cat\/wp-content\/uploads\/2026\/01\/II-Curs-212x300.jpg 212w, https:\/\/paticatalacalafell.cat\/wp-content\/uploads\/2026\/01\/II-Curs-723x1024.jpg 723w, https:\/\/paticatalacalafell.cat\/wp-content\/uploads\/2026\/01\/II-Curs-768x1088.jpg 768w, https:\/\/paticatalacalafell.cat\/wp-content\/uploads\/2026\/01\/II-Curs-1084x1536.jpg 1084w, https:\/\/paticatalacalafell.cat\/wp-content\/uploads\/2026\/01\/II-Curs-8x12.jpg 8w\" sizes=\"(max-width: 1129px) 100vw, 1129px\" title=\"\"><\/div><\/a>\n\t\t\t\t<div class=\"elementor-post__text\">\n\t\t\t\t<h3 class=\"elementor-post__title\">\n\t\t\t<a href=\"https:\/\/paticatalacalafell.cat\/es\/ii-curs-diniciacio-per-la-reparacio-de-barques-de-fusta\/\" >\n\t\t\t\tII Curs d'iniciaci\u00f3 per la reparaci\u00f3 de barques de fusta\t\t\t<\/a>\n\t\t<\/h3>\n\t\t\t\t<div class=\"elementor-post__excerpt\">\n\t\t\t<p>Organitzem un nou curs d\u2019iniciaci\u00f3 a la reparaci\u00f3 de barques de fusta, amb mestres d\u2019aixa reconeguts i diversos projectes de restauraci\u00f3<\/p>\n\t\t<\/div>\n\t\t\n\t\t<a class=\"elementor-post__read-more\" href=\"https:\/\/paticatalacalafell.cat\/es\/ii-curs-diniciacio-per-la-reparacio-de-barques-de-fusta\/\" aria-label=\"M\u00e1s informaci\u00f3n sobre II Curs d&#039;iniciaci\u00f3 per la reparaci\u00f3 de barques de fusta\" tabindex=\"-1\" >\n\t\t\tLlegir m\u00e9s \u00bb\t\t<\/a>\n\n\t\t\t\t<\/div>\n\t\t\t\t<div class=\"elementor-post__meta-data\">\n\t\t\t\t\t<span class=\"elementor-post-date\">\n\t\t\t29\/01\/2026\t\t<\/span>\n\t\t\t\t<\/div>\n\t\t\t\t\t<\/div>\n\t\t<\/article>\n\t\t\t\t<article class=\"elementor-post elementor-grid-item post-5200 post type-post status-publish format-standard has-post-thumbnail hentry category-noticies-vela-llatina category-activitats-la-vela-llatina\" role=\"listitem\">\n\t\t\t<div class=\"elementor-post__card\">\n\t\t\t\t<a class=\"elementor-post__thumbnail__link\" href=\"https:\/\/paticatalacalafell.cat\/es\/arribada-dels-reis-dorient-a-calafell-a-bord-de-la-barca-francisca\/\" tabindex=\"-1\" ><div class=\"elementor-post__thumbnail\"><img loading=\"lazy\" decoding=\"async\" width=\"2560\" height=\"1920\" src=\"https:\/\/paticatalacalafell.cat\/wp-content\/uploads\/2026\/01\/55030946263_c8abb27b5c_o-scaled.jpg\" class=\"attachment-full size-full wp-image-5210\" alt=\"\" srcset=\"https:\/\/paticatalacalafell.cat\/wp-content\/uploads\/2026\/01\/55030946263_c8abb27b5c_o-scaled.jpg 2560w, https:\/\/paticatalacalafell.cat\/wp-content\/uploads\/2026\/01\/55030946263_c8abb27b5c_o-300x225.jpg 300w, https:\/\/paticatalacalafell.cat\/wp-content\/uploads\/2026\/01\/55030946263_c8abb27b5c_o-1024x768.jpg 1024w, https:\/\/paticatalacalafell.cat\/wp-content\/uploads\/2026\/01\/55030946263_c8abb27b5c_o-768x576.jpg 768w, https:\/\/paticatalacalafell.cat\/wp-content\/uploads\/2026\/01\/55030946263_c8abb27b5c_o-1536x1152.jpg 1536w, https:\/\/paticatalacalafell.cat\/wp-content\/uploads\/2026\/01\/55030946263_c8abb27b5c_o-2048x1536.jpg 2048w, https:\/\/paticatalacalafell.cat\/wp-content\/uploads\/2026\/01\/55030946263_c8abb27b5c_o-16x12.jpg 16w\" sizes=\"(max-width: 2560px) 100vw, 2560px\" title=\"\"><\/div><\/a>\n\t\t\t\t<div class=\"elementor-post__text\">\n\t\t\t\t<h3 class=\"elementor-post__title\">\n\t\t\t<a href=\"https:\/\/paticatalacalafell.cat\/es\/arribada-dels-reis-dorient-a-calafell-a-bord-de-la-barca-francisca\/\" >\n\t\t\t\tArribada dels Reis d'Orient a Calafell a bord de la barca Francisca\t\t\t<\/a>\n\t\t<\/h3>\n\t\t\t\t<div class=\"elementor-post__excerpt\">\n\t\t\t<p>La nit de Reis 2026 Ses Majestats han arribat per primera vegada al Port de Segur de Calafell a bord de la Francisca<\/p>\n\t\t<\/div>\n\t\t\n\t\t<a class=\"elementor-post__read-more\" href=\"https:\/\/paticatalacalafell.cat\/es\/arribada-dels-reis-dorient-a-calafell-a-bord-de-la-barca-francisca\/\" aria-label=\"M\u00e1s informaci\u00f3n sobre Arribada dels Reis d&#039;Orient a Calafell a bord de la barca Francisca\" tabindex=\"-1\" >\n\t\t\tLlegir m\u00e9s \u00bb\t\t<\/a>\n\n\t\t\t\t<\/div>\n\t\t\t\t<div class=\"elementor-post__meta-data\">\n\t\t\t\t\t<span class=\"elementor-post-date\">\n\t\t\t12\/01\/2026\t\t<\/span>\n\t\t\t\t<\/div>\n\t\t\t\t\t<\/div>\n\t\t<\/article>\n\t\t\t\t<article class=\"elementor-post elementor-grid-item post-5168 post type-post status-publish format-standard has-post-thumbnail hentry category-uncategorized category-activitats-pati-catala category-activitats-la-vela-llatina category-noticies-pati-catala category-noticies-vela-llatina\" role=\"listitem\">\n\t\t\t<div class=\"elementor-post__card\">\n\t\t\t\t<a class=\"elementor-post__thumbnail__link\" href=\"https:\/\/paticatalacalafell.cat\/es\/ii-concurs-de-fotografia-de-la-destilleria\/\" tabindex=\"-1\" ><div class=\"elementor-post__thumbnail\"><img loading=\"lazy\" decoding=\"async\" width=\"285\" height=\"221\" src=\"https:\/\/paticatalacalafell.cat\/wp-content\/uploads\/2025\/12\/54924102632_219a4c2350_w-e1765134200514.jpg\" class=\"attachment-full size-full wp-image-5191\" alt=\"\" srcset=\"https:\/\/paticatalacalafell.cat\/wp-content\/uploads\/2025\/12\/54924102632_219a4c2350_w-e1765134200514.jpg 285w, https:\/\/paticatalacalafell.cat\/wp-content\/uploads\/2025\/12\/54924102632_219a4c2350_w-e1765134200514-15x12.jpg 15w\" sizes=\"(max-width: 285px) 100vw, 285px\" title=\"\"><\/div><\/a>\n\t\t\t\t<div class=\"elementor-post__text\">\n\t\t\t\t<h3 class=\"elementor-post__title\">\n\t\t\t<a href=\"https:\/\/paticatalacalafell.cat\/es\/ii-concurs-de-fotografia-de-la-destilleria\/\" >\n\t\t\t\tII Concurs de fotografia de la Destil\u00b7leria\t\t\t<\/a>\n\t\t<\/h3>\n\t\t\t\t<div class=\"elementor-post__excerpt\">\n\t\t\t<p>El 14 de novembre es van lliurar els premis i inaugurar la segona edici\u00f3 del Concurs de fotografia de pat\u00ed catal\u00e0 i vela llatina<\/p>\n\t\t<\/div>\n\t\t\n\t\t<a class=\"elementor-post__read-more\" href=\"https:\/\/paticatalacalafell.cat\/es\/ii-concurs-de-fotografia-de-la-destilleria\/\" aria-label=\"M\u00e1s informaci\u00f3n sobre II Concurs de fotografia de la Destil\u00b7leria\" tabindex=\"-1\" >\n\t\t\tLlegir m\u00e9s \u00bb\t\t<\/a>\n\n\t\t\t\t<\/div>\n\t\t\t\t<div class=\"elementor-post__meta-data\">\n\t\t\t\t\t<span class=\"elementor-post-date\">\n\t\t\t07\/12\/2025\t\t<\/span>\n\t\t\t\t<\/div>\n\t\t\t\t\t<\/div>\n\t\t<\/article>\n\t\t\t\t<article class=\"elementor-post elementor-grid-item post-5163 post type-post status-publish format-standard has-post-thumbnail hentry category-activitats-la-vela-llatina category-noticies-vela-llatina\" role=\"listitem\">\n\t\t\t<div class=\"elementor-post__card\">\n\t\t\t\t<a class=\"elementor-post__thumbnail__link\" href=\"https:\/\/paticatalacalafell.cat\/es\/participacio-de-lassociacio-en-la-marato-de-tv3\/\" tabindex=\"-1\" ><div class=\"elementor-post__thumbnail\"><img loading=\"lazy\" decoding=\"async\" width=\"400\" height=\"557\" src=\"https:\/\/paticatalacalafell.cat\/wp-content\/uploads\/2025\/12\/1e21d118-b0d4-4836-800e-01a935cf9764-e1765134890399.jpg\" class=\"attachment-full size-full wp-image-5195\" alt=\"\" title=\"\"><\/div><\/a>\n\t\t\t\t<div class=\"elementor-post__text\">\n\t\t\t\t<h3 class=\"elementor-post__title\">\n\t\t\t<a href=\"https:\/\/paticatalacalafell.cat\/es\/participacio-de-lassociacio-en-la-marato-de-tv3\/\" >\n\t\t\t\tParticipaci\u00f3 de l'Associaci\u00f3 en la Marat\u00f3 de TV3\t\t\t<\/a>\n\t\t<\/h3>\n\t\t\t\t<div class=\"elementor-post__excerpt\">\n\t\t\t<p>Participem un altre any a La Marat\u00f3, enguany amb un format diferent<\/p>\n\t\t<\/div>\n\t\t\n\t\t<a class=\"elementor-post__read-more\" href=\"https:\/\/paticatalacalafell.cat\/es\/participacio-de-lassociacio-en-la-marato-de-tv3\/\" aria-label=\"M\u00e1s informaci\u00f3n sobre Participaci\u00f3 de l&#039;Associaci\u00f3 en la Marat\u00f3 de TV3\" tabindex=\"-1\" >\n\t\t\tLlegir m\u00e9s \u00bb\t\t<\/a>\n\n\t\t\t\t<\/div>\n\t\t\t\t<div class=\"elementor-post__meta-data\">\n\t\t\t\t\t<span class=\"elementor-post-date\">\n\t\t\t07\/12\/2025\t\t<\/span>\n\t\t\t\t<\/div>\n\t\t\t\t\t<\/div>\n\t\t<\/article>\n\t\t\t\t<\/div>\n\t\t\t\t\t<span class=\"e-load-more-spinner\">\n\t\t\t\t<svg aria-hidden=\"true\" class=\"e-font-icon-svg e-fas-spinner\" viewBox=\"0 0 512 512\" xmlns=\"http:\/\/www.w3.org\/2000\/svg\"><path d=\"M304 48c0 26.51-21.49 48-48 48s-48-21.49-48-48 21.49-48 48-48 48 21.49 48 48zm-48 368c-26.51 0-48 21.49-48 48s21.49 48 48 48 48-21.49 48-48-21.49-48-48-48zm208-208c-26.51 0-48 21.49-48 48s21.49 48 48 48 48-21.49 48-48-21.49-48-48-48zM96 256c0-26.51-21.49-48-48-48S0 229.49 0 256s21.49 48 48 48 48-21.49 48-48zm12.922 99.078c-26.51 0-48 21.49-48 48s21.49 48 48 48 48-21.49 48-48c0-26.509-21.491-48-48-48zm294.156 0c-26.51 0-48 21.49-48 48s21.49 48 48 48 48-21.49 48-48c0-26.509-21.49-48-48-48zM108.922 60.922c-26.51 0-48 21.49-48 48s21.49 48 48 48 48-21.49 48-48-21.491-48-48-48z\"><\/path><\/svg>\t\t\t<\/span>\n\t\t\n\t\t\t\t<div class=\"e-load-more-anchor\" data-page=\"1\" data-max-page=\"11\" data-next-page=\"https:\/\/paticatalacalafell.cat\/es\/wp-json\/wp\/v2\/pages\/18\/page\/2\/\"><\/div>\n\t\t\t\t<div class=\"e-load-more-message\"><\/div>\n\t\t\t\t\t\t<\/div>\n\t\t\t\t<\/div>\n\t\t\t\t\t<\/div>\n\t\t\t\t<\/div>\n\t\t\t\t<\/div>\n\t\t","protected":false},"excerpt":{"rendered":"<p>La Vela Llatina Historia En l'afany de poder navegar en contra del vent i com un evoluci\u00f3 de la vela, apareixen les veles triangulars tamb\u00e9 anomenades llatines, de ganivet o [&hellip;]<\/p>\n","protected":false},"author":1,"featured_media":0,"parent":0,"menu_order":50,"comment_status":"open","ping_status":"closed","template":"","meta":{"footnotes":""},"class_list":["post-18","page","type-page","status-publish","hentry"],"_links":{"self":[{"href":"https:\/\/paticatalacalafell.cat\/es\/wp-json\/wp\/v2\/pages\/18","targetHints":{"allow":["GET"]}}],"collection":[{"href":"https:\/\/paticatalacalafell.cat\/es\/wp-json\/wp\/v2\/pages"}],"about":[{"href":"https:\/\/paticatalacalafell.cat\/es\/wp-json\/wp\/v2\/types\/page"}],"author":[{"embeddable":true,"href":"https:\/\/paticatalacalafell.cat\/es\/wp-json\/wp\/v2\/users\/1"}],"replies":[{"embeddable":true,"href":"https:\/\/paticatalacalafell.cat\/es\/wp-json\/wp\/v2\/comments?post=18"}],"version-history":[{"count":5,"href":"https:\/\/paticatalacalafell.cat\/es\/wp-json\/wp\/v2\/pages\/18\/revisions"}],"predecessor-version":[{"id":1557,"href":"https:\/\/paticatalacalafell.cat\/es\/wp-json\/wp\/v2\/pages\/18\/revisions\/1557"}],"wp:attachment":[{"href":"https:\/\/paticatalacalafell.cat\/es\/wp-json\/wp\/v2\/media?parent=18"}],"curies":[{"name":"wp","href":"https:\/\/api.w.org\/{rel}","templated":true}]}}